{"id":10556,"date":"2025-02-14T18:52:55","date_gmt":"2025-02-14T18:52:55","guid":{"rendered":"https:\/\/amchambolivia.com\/amcham\/?page_id=10556"},"modified":"2026-03-09T18:24:33","modified_gmt":"2026-03-09T18:24:33","slug":"amcham-bolivia-50-anos","status":"publish","type":"page","link":"https:\/\/amchambolivia.com\/amcham\/amcham-bolivia-50-anos\/","title":{"rendered":"AmCham Bolivia 50 a\u00f1os"},"content":{"rendered":"\t\t<div data-elementor-type=\"wp-page\" data-elementor-id=\"10556\" class=\"elementor elementor-10556\" data-elementor-post-type=\"page\">\n\t\t\t\t<div class=\"elementor-element elementor-element-1254d57 e-con-full e-flex wpr-particle-no wpr-jarallax-no wpr-parallax-no wpr-sticky-section-no e-con e-parent\" data-id=\"1254d57\" data-element_type=\"container\" data-settings=\"{&quot;background_background&quot;:&quot;classic&quot;}\">\n\t\t\t\t<div class=\"elementor-element elementor-element-0c30ce8 elementor-widget elementor-widget-image\" data-id=\"0c30ce8\" data-element_type=\"widget\" data-widget_type=\"image.default\">\n\t\t\t\t<div class=\"elementor-widget-container\">\n\t\t\t\t\t\t\t\t\t\t\t\t\t\t\t<img fetchpriority=\"high\" decoding=\"async\" width=\"1858\" height=\"707\" src=\"https:\/\/amchambolivia.com\/amcham\/wp-content\/uploads\/2025\/01\/para-pagina-web.png\" class=\"attachment-full size-full wp-image-9531\" alt=\"\" srcset=\"https:\/\/amchambolivia.com\/amcham\/wp-content\/uploads\/2025\/01\/para-pagina-web.png 1858w, https:\/\/amchambolivia.com\/amcham\/wp-content\/uploads\/2025\/01\/para-pagina-web-300x114.png 300w, https:\/\/amchambolivia.com\/amcham\/wp-content\/uploads\/2025\/01\/para-pagina-web-1024x390.png 1024w, https:\/\/amchambolivia.com\/amcham\/wp-content\/uploads\/2025\/01\/para-pagina-web-768x292.png 768w, https:\/\/amchambolivia.com\/amcham\/wp-content\/uploads\/2025\/01\/para-pagina-web-1536x584.png 1536w\" sizes=\"(max-width: 1858px) 100vw, 1858px\" \/>\t\t\t\t\t\t\t\t\t\t\t\t\t\t\t<\/div>\n\t\t\t\t<\/div>\n\t\t\t\t<\/div>\n\t\t<div class=\"elementor-element elementor-element-ac854f5 e-flex e-con-boxed wpr-particle-no wpr-jarallax-no wpr-parallax-no wpr-sticky-section-no e-con e-parent\" data-id=\"ac854f5\" data-element_type=\"container\">\n\t\t\t\t\t<div class=\"e-con-inner\">\n\t\t\t\t<div class=\"elementor-element elementor-element-dd338c8 elementor-widget elementor-widget-heading\" data-id=\"dd338c8\" data-element_type=\"widget\" data-widget_type=\"heading.default\">\n\t\t\t\t<div class=\"elementor-widget-container\">\n\t\t\t\t\t<h2 class=\"elementor-heading-title elementor-size-default\">AmCham Bolivia, 50 a\u00f1os impulsando y promoviendo las relaciones comerciales con los Estados Unidos<\/h2>\t\t\t\t<\/div>\n\t\t\t\t<\/div>\n\t\t<div class=\"elementor-element elementor-element-bad8de2 e-con-full e-flex wpr-particle-no wpr-jarallax-no wpr-parallax-no wpr-sticky-section-no e-con e-child\" data-id=\"bad8de2\" data-element_type=\"container\">\n\t\t<div class=\"elementor-element elementor-element-aaac3bb e-grid e-con-full wpr-particle-no wpr-jarallax-no wpr-parallax-no wpr-sticky-section-no e-con e-child\" data-id=\"aaac3bb\" data-element_type=\"container\">\n\t\t\t\t<div class=\"elementor-element elementor-element-0ad05b8 elementor-widget__width-initial elementor-widget elementor-widget-text-editor\" data-id=\"0ad05b8\" data-element_type=\"widget\" data-widget_type=\"text-editor.default\">\n\t\t\t\t<div class=\"elementor-widget-container\">\n\t\t\t\t\t\t\t\t\t<p>Durante cinco d\u00e9cadas, la C\u00e1mara Americana de Comercio de Bolivia (AmCham Bolivia) ha sido una fuerza clave en el fortalecimiento de las relaciones comerciales entre Bolivia y los Estados Unidos. Su historia comenz\u00f3 el <strong>8 de mayo de 1975<\/strong>, cuando un grupo de empresarios visionarios se reuni\u00f3 en el ic\u00f3nico Hotel Sucre de La Paz, compartiendo un sue\u00f1o com\u00fan: establecer una instituci\u00f3n que promoviera el comercio y la cooperaci\u00f3n entre ambas naciones. Tras un fruct\u00edfero intercambio de ideas, la decisi\u00f3n fue un\u00e1nime: dar vida a \u201cThe American Chamber of Commerce of Bolivia.&#8221;<\/p>\t\t\t\t\t\t\t\t<\/div>\n\t\t\t\t<\/div>\n\t\t\t\t<div class=\"elementor-element elementor-element-606e48e elementor-widget elementor-widget-image\" data-id=\"606e48e\" data-element_type=\"widget\" data-widget_type=\"image.default\">\n\t\t\t\t<div class=\"elementor-widget-container\">\n\t\t\t\t\t\t\t\t\t\t\t\t\t\t\t<img decoding=\"async\" width=\"1\" height=\"1\" src=\"https:\/\/amchambolivia.com\/amcham\/wp-content\/uploads\/2025\/10\/FOto-0.png\" class=\"attachment-large size-large wp-image-13659\" alt=\"\" \/>\t\t\t\t\t\t\t\t\t\t\t\t\t\t\t<\/div>\n\t\t\t\t<\/div>\n\t\t\t\t<\/div>\n\t\t\t\t<\/div>\n\t\t\t\t\t<\/div>\n\t\t\t\t<\/div>\n\t\t<div class=\"elementor-element elementor-element-2919e7e e-flex e-con-boxed wpr-particle-no wpr-jarallax-no wpr-parallax-no wpr-sticky-section-no e-con e-parent\" data-id=\"2919e7e\" data-element_type=\"container\">\n\t\t\t\t\t<div class=\"e-con-inner\">\n\t\t\t\t<div class=\"elementor-element elementor-element-2c7fbcb elementor-widget elementor-widget-text-editor\" data-id=\"2c7fbcb\" data-element_type=\"widget\" data-widget_type=\"text-editor.default\">\n\t\t\t\t<div class=\"elementor-widget-container\">\n\t\t\t\t\t\t\t\t\t<p>Desde sus inicios, AmCham Bolivia se constituy\u00f3 como una entidad sin fines de lucro, apol\u00edtica y no religiosa, con oficinas en la Avenida Arce No. 2071. Su primer Directorio, compuesto por figuras clave del sector empresarial \u2014entre ellos Bank of America, COBEE, IBM, Citibank y otros\u2014 sent\u00f3 las bases de lo que se convertir\u00eda en una instituci\u00f3n referente del comercio bilateral. Entre sus miembros fundadores se encontraban Scott Besmehn, Robin Saunders, Edward Derkensen, Fernando Aguirre, Thomas Ritter, James Raaf, Roy Jamison, Carlos Mier y Emilio Badani. Posteriormente, el 4 de octubre de 1979, mediante Resoluci\u00f3n Suprema No. 191646, AmCham Bolivia obtuvo su personer\u00eda jur\u00eddica, abri\u00e9ndose a la sociedad con una variedad de actividades en el \u00e1mbito empresarial.<\/p><p>A lo largo de su historia, la C\u00e1mara ha evolucionado hasta convertirse en un actor activo del comercio internacional, siendo parte de la Asociaci\u00f3n de C\u00e1maras Americanas de Comercio en Am\u00e9rica Latina y el Caribe (AACCLA). AmCham Bolivia forma parte de esta red de 23 c\u00e1maras en 21 pa\u00edses, que representa el 85% de las inversiones estadounidenses en la regi\u00f3n. Su conexi\u00f3n con la U.S. Chamber of Commerce la vincula con la federaci\u00f3n empresarial m\u00e1s grande del mundo, con m\u00e1s de tres millones de miembros.<\/p><p>Desde su incorporaci\u00f3n a AACCLA, AmCham Bolivia ha participado en reuniones anuales y encuentros estrat\u00e9gicos, fortaleciendo los intercambios comerciales y empresariales en la regi\u00f3n. En estos espacios, la C\u00e1mara ha representado los intereses de sus socios, presentando la situaci\u00f3n econ\u00f3mica y comercial de Bolivia, promoviendo oportunidades de inversi\u00f3n y abogando por condiciones m\u00e1s favorables para el comercio bilateral.<\/p>\t\t\t\t\t\t\t\t<\/div>\n\t\t\t\t<\/div>\n\t\t\t\t\t<\/div>\n\t\t\t\t<\/div>\n\t\t<div class=\"elementor-element elementor-element-4e16090 e-flex e-con-boxed wpr-particle-no wpr-jarallax-no wpr-parallax-no wpr-sticky-section-no e-con e-parent\" data-id=\"4e16090\" data-element_type=\"container\">\n\t\t\t\t\t<div class=\"e-con-inner\">\n\t\t<div class=\"elementor-element elementor-element-98b1074 e-grid e-con-full wpr-particle-no wpr-jarallax-no wpr-parallax-no wpr-sticky-section-no e-con e-child\" data-id=\"98b1074\" data-element_type=\"container\">\n\t\t\t\t<div class=\"elementor-element elementor-element-fa0ab89 elementor-widget elementor-widget-image\" data-id=\"fa0ab89\" data-element_type=\"widget\" data-widget_type=\"image.default\">\n\t\t\t\t<div class=\"elementor-widget-container\">\n\t\t\t\t\t\t\t\t\t\t\t\t\t\t\t<img decoding=\"async\" width=\"640\" height=\"446\" src=\"https:\/\/amchambolivia.com\/amcham\/wp-content\/uploads\/2025\/10\/FOto-44.png\" class=\"attachment-large size-large wp-image-13718\" alt=\"\" srcset=\"https:\/\/amchambolivia.com\/amcham\/wp-content\/uploads\/2025\/10\/FOto-44.png 640w, https:\/\/amchambolivia.com\/amcham\/wp-content\/uploads\/2025\/10\/FOto-44-300x209.png 300w\" sizes=\"(max-width: 640px) 100vw, 640px\" \/>\t\t\t\t\t\t\t\t\t\t\t\t\t\t\t<\/div>\n\t\t\t\t<\/div>\n\t\t\t\t<div class=\"elementor-element elementor-element-9bf7bf8 elementor-widget__width-initial elementor-widget elementor-widget-text-editor\" data-id=\"9bf7bf8\" data-element_type=\"widget\" data-widget_type=\"text-editor.default\">\n\t\t\t\t<div class=\"elementor-widget-container\">\n\t\t\t\t\t\t\t\t\t<p>Asimismo, AmCham Bolivia ha sido parte activa de las reuniones del directorio de AACCLA, donde se definen estrategias para fortalecer las relaciones comerciales entre Am\u00e9rica Latina y los Estados Unidos. Estas reuniones han permitido a la C\u00e1mara acceder a informaci\u00f3n clave sobre pol\u00edticas comerciales, tendencias econ\u00f3micas y oportunidades de crecimiento en diversos sectores. En una de estas reuniones, realizada en Costa Rica en 1978, el entonces presidente de AmCham Bolivia, Dr. Fernando Aguirre B., se uni\u00f3 a otros l\u00edderes de c\u00e1maras latinoamericanas en la emisi\u00f3n de una declaraci\u00f3n en apoyo a la administraci\u00f3n del presidente Carter sobre el Tratado del Canal de Panam\u00e1, que devolvi\u00f3 el canal a Panam\u00e1. Por ello, recibieron un reconocimiento del presidente Carter a trav\u00e9s de su secretario de Estado, Cyrus Vance.<\/p>\t\t\t\t\t\t\t\t<\/div>\n\t\t\t\t<\/div>\n\t\t\t\t<\/div>\n\t\t\t\t\t<\/div>\n\t\t\t\t<\/div>\n\t\t<div class=\"elementor-element elementor-element-842b973 e-flex e-con-boxed wpr-particle-no wpr-jarallax-no wpr-parallax-no wpr-sticky-section-no e-con e-parent\" data-id=\"842b973\" data-element_type=\"container\">\n\t\t\t\t\t<div class=\"e-con-inner\">\n\t\t\t\t<div class=\"elementor-element elementor-element-fb4732e elementor-widget elementor-widget-text-editor\" data-id=\"fb4732e\" data-element_type=\"widget\" data-widget_type=\"text-editor.default\">\n\t\t\t\t<div class=\"elementor-widget-container\">\n\t\t\t\t\t\t\t\t\t<p>La C\u00e1mara tambi\u00e9n ha participado activamente en foros donde ha tenido la oportunidad de interactuar con autoridades gubernamentales, inversionistas y altos ejecutivos de diversas industrias. A lo largo de los a\u00f1os, AmCham Bolivia se ha destacado por organizar conferencias sobre temas pol\u00edticos y econ\u00f3micos clave para el sector privado, con la participaci\u00f3n de representantes gubernamentales y l\u00edderes del sector empresarial. Su presencia tambi\u00e9n ha sido notable en ferias internacionales de negocios, realizadas anualmente en Santa Cruz y Cochabamba, junto a la secci\u00f3n comercial de la Embajada de Estados Unidos.<\/p><p><strong>Una historia de impacto<\/strong><\/p><p>La historia de AmCham Bolivia est\u00e1 marcada por numerosos hitos que han reforzado su impacto en el desarrollo empresarial, impulsando iniciativas como misiones comerciales, ruedas de negocios, eventos de networking y programas de capacitaci\u00f3n especializada, fortaleciendo la relaci\u00f3n entre empresarios bolivianos y estadounidenses. Adem\u00e1s, en 2025, Bolivia y Estados Unidos celebrar\u00e1n 175 a\u00f1os de relaciones diplom\u00e1ticas, reafirmando los lazos que los unen a pesar de los desaf\u00edos actuales.<\/p><p>Entre los logros m\u00e1s importantes de la C\u00e1mara se encuentra la creaci\u00f3n de comit\u00e9s especializados, que han funcionado como catalizadores de cambio e innovaci\u00f3n. Entre ellos se destacan:<\/p>\t\t\t\t\t\t\t\t<\/div>\n\t\t\t\t<\/div>\n\t\t<div class=\"elementor-element elementor-element-f48f999 e-grid e-con-full wpr-particle-no wpr-jarallax-no wpr-parallax-no wpr-sticky-section-no e-con e-child\" data-id=\"f48f999\" data-element_type=\"container\">\n\t\t\t\t<div class=\"elementor-element elementor-element-6cb9bb0 elementor-widget elementor-widget-text-editor\" data-id=\"6cb9bb0\" data-element_type=\"widget\" data-widget_type=\"text-editor.default\">\n\t\t\t\t<div class=\"elementor-widget-container\">\n\t\t\t\t\t\t\t\t\t<p><a href=\"https:\/\/amchambolivia.com\/amcham\/comites\/comite-rse-y-sostenibilidad\/\">Comit\u00e9 de RSE y Sostenibilidad<\/a><\/p><p><a href=\"https:\/\/amchambolivia.com\/amcham\/comites\/comite-pecuario-y-agricultura\/\">Comit\u00e9 Pecuario y Agr\u00edcola<\/a><\/p><p><a href=\"https:\/\/amchambolivia.com\/amcham\/comites\/comite-de-asuntos-legales\/\">Comit\u00e9 de Asuntos Legales<\/a><\/p>\t\t\t\t\t\t\t\t<\/div>\n\t\t\t\t<\/div>\n\t\t\t\t<div class=\"elementor-element elementor-element-147c8fe elementor-widget elementor-widget-text-editor\" data-id=\"147c8fe\" data-element_type=\"widget\" data-widget_type=\"text-editor.default\">\n\t\t\t\t<div class=\"elementor-widget-container\">\n\t\t\t\t\t\t\t\t\t<p><a href=\"https:\/\/amchambolivia.com\/amcham\/comites\/comite-de-exportacion-e-importacion\/\">Comit\u00e9 de Exportaci\u00f3n e Importaci\u00f3n<\/a><\/p><p>Comit\u00e9 de Tecnolog\u00eda (a lanzarse el 2026)<\/p>\t\t\t\t\t\t\t\t<\/div>\n\t\t\t\t<\/div>\n\t\t\t\t<\/div>\n\t\t\t\t\t<\/div>\n\t\t\t\t<\/div>\n\t\t<div class=\"elementor-element elementor-element-3801b5a e-flex e-con-boxed wpr-particle-no wpr-jarallax-no wpr-parallax-no wpr-sticky-section-no e-con e-parent\" data-id=\"3801b5a\" data-element_type=\"container\">\n\t\t\t\t\t<div class=\"e-con-inner\">\n\t\t\t\t<div class=\"elementor-element elementor-element-756f7a7 elementor-widget elementor-widget-text-editor\" data-id=\"756f7a7\" data-element_type=\"widget\" data-widget_type=\"text-editor.default\">\n\t\t\t\t<div class=\"elementor-widget-container\">\n\t\t\t\t\t\t\t\t\t<p>El <a href=\"https:\/\/amchamjunior.org.bo\/\">Programa AmCham Junior<\/a> es otro pilar fundamental de la C\u00e1mara, consolid\u00e1ndose como la primera red estrat\u00e9gica de promoci\u00f3n empresarial para emprendedores y profesionales destacados. Desde su lanzamiento en 2017, y con el apoyo de la Embajada de Estados Unidos en Bolivia, ha fomentado el crecimiento de startups y empresas con visi\u00f3n global a trav\u00e9s de capacitaciones, misiones comerciales, eventos de networking, asesor\u00eda empresarial y otras iniciativas clave para el ecosistema emprendedor de Bolivia.<\/p><p><strong>Liderazgo femenino y crecimiento<\/strong><\/p><p>En estos 50 a\u00f1os, AmCham Bolivia ha sido liderada por personas comprometidas. En 1982, Kathryn Brault, del Banco Hipotecario Nacional S.A., hizo historia al convertirse en la primera mujer presidenta de la C\u00e1mara. Si bien la participaci\u00f3n femenina fue menor en los a\u00f1os siguientes, desde 2014 se ha observado un incremento sostenido. Para 2025, las mujeres representar\u00e1n el 30% del Directorio, con figuras destacadas de los sectores bancario, de salud y legal. Adem\u00e1s, el 90% del equipo administrativo de AmCham Bolivia est\u00e1 compuesto por mujeres, lo que demuestra su compromiso institucional con la inclusi\u00f3n y el liderazgo femenino en el mundo empresarial.<\/p>\t\t\t\t\t\t\t\t<\/div>\n\t\t\t\t<\/div>\n\t\t\t\t\t<\/div>\n\t\t\t\t<\/div>\n\t\t<div class=\"elementor-element elementor-element-1316336 e-flex e-con-boxed wpr-particle-no wpr-jarallax-no wpr-parallax-no wpr-sticky-section-no e-con e-parent\" data-id=\"1316336\" data-element_type=\"container\">\n\t\t\t\t\t<div class=\"e-con-inner\">\n\t\t<div class=\"elementor-element elementor-element-7d615a4 e-grid e-con-full wpr-particle-no wpr-jarallax-no wpr-parallax-no wpr-sticky-section-no e-con e-child\" data-id=\"7d615a4\" data-element_type=\"container\">\n\t\t\t\t<div class=\"elementor-element elementor-element-e03fa11 elementor-widget elementor-widget-image\" data-id=\"e03fa11\" data-element_type=\"widget\" data-widget_type=\"image.default\">\n\t\t\t\t<div class=\"elementor-widget-container\">\n\t\t\t\t\t\t\t\t\t\t\t\t\t\t\t<img loading=\"lazy\" decoding=\"async\" width=\"800\" height=\"534\" src=\"https:\/\/amchambolivia.com\/amcham\/wp-content\/uploads\/2025\/10\/ok3-1024x684.png\" class=\"attachment-large size-large wp-image-13733\" alt=\"\" srcset=\"https:\/\/amchambolivia.com\/amcham\/wp-content\/uploads\/2025\/10\/ok3-1024x684.png 1024w, https:\/\/amchambolivia.com\/amcham\/wp-content\/uploads\/2025\/10\/ok3-300x200.png 300w, https:\/\/amchambolivia.com\/amcham\/wp-content\/uploads\/2025\/10\/ok3-768x513.png 768w, https:\/\/amchambolivia.com\/amcham\/wp-content\/uploads\/2025\/10\/ok3-1536x1025.png 1536w, https:\/\/amchambolivia.com\/amcham\/wp-content\/uploads\/2025\/10\/ok3-2048x1367.png 2048w\" sizes=\"(max-width: 800px) 100vw, 800px\" \/>\t\t\t\t\t\t\t\t\t\t\t\t\t\t\t<\/div>\n\t\t\t\t<\/div>\n\t\t\t\t<div class=\"elementor-element elementor-element-0f3d692 elementor-widget__width-initial elementor-widget elementor-widget-text-editor\" data-id=\"0f3d692\" data-element_type=\"widget\" data-widget_type=\"text-editor.default\">\n\t\t\t\t<div class=\"elementor-widget-container\">\n\t\t\t\t\t\t\t\t\t<p><strong>AmCham Bolivia hoy<\/strong><\/p><p>Actualmente, AmCham Bolivia cuenta con 155 empresas socias de sectores clave y una comunidad en crecimiento de 200 miembros junior, compuesta por j\u00f3venes profesionales y emprendedores con esp\u00edritu innovador. Su misi\u00f3n sigue firme: fomentar el entendimiento y la cooperaci\u00f3n entre Bolivia y los Estados Unidos, promoviendo la inversi\u00f3n, el comercio y el crecimiento econ\u00f3mico. Adem\u00e1s, act\u00faa como un puente estrat\u00e9gico entre el sector privado, las instituciones p\u00fablicas y las organizaciones financieras, impulsando iniciativas que beneficien a ambas naciones.<\/p>\t\t\t\t\t\t\t\t<\/div>\n\t\t\t\t<\/div>\n\t\t\t\t<\/div>\n\t\t\t\t\t<\/div>\n\t\t\t\t<\/div>\n\t\t<div class=\"elementor-element elementor-element-9ede66f e-flex e-con-boxed wpr-particle-no wpr-jarallax-no wpr-parallax-no wpr-sticky-section-no e-con e-parent\" data-id=\"9ede66f\" data-element_type=\"container\">\n\t\t\t\t\t<div class=\"e-con-inner\">\n\t\t\t\t<div class=\"elementor-element elementor-element-0d89846 elementor-widget elementor-widget-text-editor\" data-id=\"0d89846\" data-element_type=\"widget\" data-widget_type=\"text-editor.default\">\n\t\t\t\t<div class=\"elementor-widget-container\">\n\t\t\t\t\t\t\t\t\t<p>Lo que comenz\u00f3 como una visi\u00f3n compartida por un grupo de empresarios, se ha convertido en una instituci\u00f3n s\u00f3lida e influyente en el comercio bilateral, reafirmando su compromiso con:<\/p><p><em>\u201cSer reconocidos como el motor de un entorno empresarial s\u00f3lido entre Bolivia y Estados Unidos, contribuyendo al desarrollo de nuestra sociedad, las pol\u00edticas p\u00fablicas y el ecosistema empresarial binacional.\u201d<\/em><\/p><p>Durante estas cinco d\u00e9cadas, AmCham Bolivia ha estado a la vanguardia de iniciativas y esfuerzos que han transformado el panorama comercial entre ambos pa\u00edses. Su compromiso con el crecimiento econ\u00f3mico y el desarrollo empresarial sigue m\u00e1s fuerte que nunca, acompa\u00f1ando a Bolivia en su camino hacia un futuro lleno de oportunidades y progreso.<\/p>\t\t\t\t\t\t\t\t<\/div>\n\t\t\t\t<\/div>\n\t\t\t\t\t<\/div>\n\t\t\t\t<\/div>\n\t\t<div class=\"elementor-element elementor-element-08be5d7 e-flex e-con-boxed wpr-particle-no wpr-jarallax-no wpr-parallax-no wpr-sticky-section-no e-con e-parent\" data-id=\"08be5d7\" data-element_type=\"container\">\n\t\t\t\t\t<div class=\"e-con-inner\">\n\t\t\t\t<div class=\"elementor-element elementor-element-ff769b5 elementor-widget elementor-widget-video\" data-id=\"ff769b5\" data-element_type=\"widget\" data-settings=\"{&quot;youtube_url&quot;:&quot;https:\\\/\\\/youtu.be\\\/CMRvaoHUVUI?si=9MJq0IORoyXPZhOu&quot;,&quot;autoplay&quot;:&quot;yes&quot;,&quot;mute&quot;:&quot;yes&quot;,&quot;video_type&quot;:&quot;youtube&quot;,&quot;controls&quot;:&quot;yes&quot;}\" data-widget_type=\"video.default\">\n\t\t\t\t<div class=\"elementor-widget-container\">\n\t\t\t\t\t\t\t<div class=\"elementor-wrapper elementor-open-inline\">\n\t\t\t<div class=\"elementor-video\"><\/div>\t\t<\/div>\n\t\t\t\t\t\t<\/div>\n\t\t\t\t<\/div>\n\t\t\t\t\t<\/div>\n\t\t\t\t<\/div>\n\t\t<div class=\"elementor-element elementor-element-2fbc7f0 e-flex e-con-boxed wpr-particle-no wpr-jarallax-no wpr-parallax-no wpr-sticky-section-no e-con e-parent\" data-id=\"2fbc7f0\" data-element_type=\"container\" data-settings=\"{&quot;background_background&quot;:&quot;classic&quot;}\">\n\t\t\t\t\t<div class=\"e-con-inner\">\n\t\t\t\t<div class=\"elementor-element elementor-element-7f1d6c5 elementor-widget-divider--view-line elementor-widget elementor-widget-divider\" data-id=\"7f1d6c5\" data-element_type=\"widget\" data-widget_type=\"divider.default\">\n\t\t\t\t<div class=\"elementor-widget-container\">\n\t\t\t\t\t\t\t<div class=\"elementor-divider\">\n\t\t\t<span class=\"elementor-divider-separator\">\n\t\t\t\t\t\t<\/span>\n\t\t<\/div>\n\t\t\t\t\t\t<\/div>\n\t\t\t\t<\/div>\n\t\t\t\t\t<\/div>\n\t\t\t\t<\/div>\n\t\t<div class=\"elementor-element elementor-element-9803230 e-flex e-con-boxed wpr-particle-no wpr-jarallax-no wpr-parallax-no wpr-sticky-section-no e-con e-parent\" data-id=\"9803230\" data-element_type=\"container\">\n\t\t\t\t\t<div class=\"e-con-inner\">\n\t\t\t\t<div class=\"elementor-element elementor-element-652068b elementor-widget elementor-widget-heading\" data-id=\"652068b\" data-element_type=\"widget\" data-widget_type=\"heading.default\">\n\t\t\t\t<div class=\"elementor-widget-container\">\n\t\t\t\t\t<h6 class=\"elementor-heading-title elementor-size-default\">Historias que inspiran: 50 a\u00f1os de AmCham Bolivia<\/h6>\t\t\t\t<\/div>\n\t\t\t\t<\/div>\n\t\t\t\t<div class=\"elementor-element elementor-element-821a158 elementor-widget elementor-widget-text-editor\" data-id=\"821a158\" data-element_type=\"widget\" data-widget_type=\"text-editor.default\">\n\t\t\t\t<div class=\"elementor-widget-container\">\n\t\t\t\t\t\t\t\t\t<p data-start=\"284\" data-end=\"687\">En esta serie especial celebramos cinco d\u00e9cadas de historia, liderazgo y visi\u00f3n.<br data-start=\"430\" data-end=\"433\" \/>Nuestros <strong data-start=\"442\" data-end=\"461\">Past Presidents<\/strong> \u2014<strong data-start=\"463\" data-end=\"551\">Sr. Fernando Aguirre (1977), Sr. Willy Haftel (1985), Sr. Gonzalo Bedoya (2015\u20132017)<\/strong> y <strong data-start=\"554\" data-end=\"597\">Sr. Jer\u00f3nimo Vaqueiro (2018\u20132019, 2021)<\/strong>\u2014 comparten los momentos, desaf\u00edos y logros que marcaron la evoluci\u00f3n de AmCham Bolivia.<\/p><p data-start=\"689\" data-end=\"975\">Cada entrevista nos invita a recorrer las distintas etapas del pa\u00eds y del gremio empresarial, recordando c\u00f3mo la C\u00e1mara se consolid\u00f3 como <strong data-start=\"827\" data-end=\"871\">un puente entre Bolivia y Estados Unidos<\/strong>, impulsando el crecimiento, la innovaci\u00f3n y las relaciones que hoy celebramos con orgullo. \ud83c\udde7\ud83c\uddf4\ud83e\udd1d\ud83c\uddfa\ud83c\uddf8<\/p>\t\t\t\t\t\t\t\t<\/div>\n\t\t\t\t<\/div>\n\t\t<div class=\"elementor-element elementor-element-9c73288 e-grid e-con-full wpr-particle-no wpr-jarallax-no wpr-parallax-no wpr-sticky-section-no e-con e-child\" data-id=\"9c73288\" data-element_type=\"container\">\n\t\t\t\t<div class=\"elementor-element elementor-element-cb6e104 elementor-widget elementor-widget-video\" data-id=\"cb6e104\" data-element_type=\"widget\" data-settings=\"{&quot;youtube_url&quot;:&quot;https:\\\/\\\/www.youtube.com\\\/watch?v=VFcLZrcP1nY&amp;list=PLvg88U3HQOiZCzHoZ6B8VKtlvRRYEZ2RO&quot;,&quot;video_type&quot;:&quot;youtube&quot;,&quot;controls&quot;:&quot;yes&quot;}\" data-widget_type=\"video.default\">\n\t\t\t\t<div class=\"elementor-widget-container\">\n\t\t\t\t\t\t\t<div class=\"elementor-wrapper elementor-open-inline\">\n\t\t\t<div class=\"elementor-video\"><\/div>\t\t<\/div>\n\t\t\t\t\t\t<\/div>\n\t\t\t\t<\/div>\n\t\t\t\t<div class=\"elementor-element elementor-element-e7787a6 elementor-widget elementor-widget-video\" data-id=\"e7787a6\" data-element_type=\"widget\" data-settings=\"{&quot;youtube_url&quot;:&quot;https:\\\/\\\/www.youtube.com\\\/watch?v=XwNrC93oLu0&amp;list=PLvg88U3HQOiZCzHoZ6B8VKtlvRRYEZ2RO&amp;index=2&quot;,&quot;video_type&quot;:&quot;youtube&quot;,&quot;controls&quot;:&quot;yes&quot;}\" data-widget_type=\"video.default\">\n\t\t\t\t<div class=\"elementor-widget-container\">\n\t\t\t\t\t\t\t<div class=\"elementor-wrapper elementor-open-inline\">\n\t\t\t<div class=\"elementor-video\"><\/div>\t\t<\/div>\n\t\t\t\t\t\t<\/div>\n\t\t\t\t<\/div>\n\t\t\t\t<div class=\"elementor-element elementor-element-bcfb68a elementor-widget elementor-widget-video\" data-id=\"bcfb68a\" data-element_type=\"widget\" data-settings=\"{&quot;youtube_url&quot;:&quot;https:\\\/\\\/www.youtube.com\\\/watch?v=ECL4KTa5snI&amp;list=PLvg88U3HQOiZCzHoZ6B8VKtlvRRYEZ2RO&amp;index=4&quot;,&quot;video_type&quot;:&quot;youtube&quot;,&quot;controls&quot;:&quot;yes&quot;}\" data-widget_type=\"video.default\">\n\t\t\t\t<div class=\"elementor-widget-container\">\n\t\t\t\t\t\t\t<div class=\"elementor-wrapper elementor-open-inline\">\n\t\t\t<div class=\"elementor-video\"><\/div>\t\t<\/div>\n\t\t\t\t\t\t<\/div>\n\t\t\t\t<\/div>\n\t\t\t\t<div class=\"elementor-element elementor-element-ca26c98 elementor-widget elementor-widget-video\" data-id=\"ca26c98\" data-element_type=\"widget\" data-settings=\"{&quot;youtube_url&quot;:&quot;https:\\\/\\\/www.youtube.com\\\/watch?v=f_Gognoif_Q&amp;list=PLvg88U3HQOiZCzHoZ6B8VKtlvRRYEZ2RO&amp;index=5&quot;,&quot;video_type&quot;:&quot;youtube&quot;,&quot;controls&quot;:&quot;yes&quot;}\" data-widget_type=\"video.default\">\n\t\t\t\t<div class=\"elementor-widget-container\">\n\t\t\t\t\t\t\t<div class=\"elementor-wrapper elementor-open-inline\">\n\t\t\t<div class=\"elementor-video\"><\/div>\t\t<\/div>\n\t\t\t\t\t\t<\/div>\n\t\t\t\t<\/div>\n\t\t\t\t<div class=\"elementor-element elementor-element-6726eb9 elementor-widget elementor-widget-video\" data-id=\"6726eb9\" data-element_type=\"widget\" data-settings=\"{&quot;youtube_url&quot;:&quot;https:\\\/\\\/www.youtube.com\\\/watch?v=RlW_VdsaZx8&amp;list=PLvg88U3HQOiZCzHoZ6B8VKtlvRRYEZ2RO&amp;index=6&quot;,&quot;video_type&quot;:&quot;youtube&quot;,&quot;controls&quot;:&quot;yes&quot;}\" data-widget_type=\"video.default\">\n\t\t\t\t<div class=\"elementor-widget-container\">\n\t\t\t\t\t\t\t<div class=\"elementor-wrapper elementor-open-inline\">\n\t\t\t<div class=\"elementor-video\"><\/div>\t\t<\/div>\n\t\t\t\t\t\t<\/div>\n\t\t\t\t<\/div>\n\t\t\t\t<div class=\"elementor-element elementor-element-8dbb7ac elementor-widget elementor-widget-video\" data-id=\"8dbb7ac\" data-element_type=\"widget\" data-settings=\"{&quot;youtube_url&quot;:&quot;https:\\\/\\\/www.youtube.com\\\/watch?v=PPQ_pcCdScs&amp;list=PLvg88U3HQOiZCzHoZ6B8VKtlvRRYEZ2RO&amp;index=7&quot;,&quot;video_type&quot;:&quot;youtube&quot;,&quot;controls&quot;:&quot;yes&quot;}\" data-widget_type=\"video.default\">\n\t\t\t\t<div class=\"elementor-widget-container\">\n\t\t\t\t\t\t\t<div class=\"elementor-wrapper elementor-open-inline\">\n\t\t\t<div class=\"elementor-video\"><\/div>\t\t<\/div>\n\t\t\t\t\t\t<\/div>\n\t\t\t\t<\/div>\n\t\t\t\t<\/div>\n\t\t\t\t\t<\/div>\n\t\t\t\t<\/div>\n\t\t<div class=\"elementor-element elementor-element-5211b80 e-flex e-con-boxed wpr-particle-no wpr-jarallax-no wpr-parallax-no wpr-sticky-section-no e-con e-parent\" data-id=\"5211b80\" data-element_type=\"container\" data-settings=\"{&quot;background_background&quot;:&quot;classic&quot;}\">\n\t\t\t\t\t<div class=\"e-con-inner\">\n\t\t\t\t<div class=\"elementor-element elementor-element-c0a89bb elementor-widget-divider--view-line elementor-widget elementor-widget-divider\" data-id=\"c0a89bb\" data-element_type=\"widget\" data-widget_type=\"divider.default\">\n\t\t\t\t<div class=\"elementor-widget-container\">\n\t\t\t\t\t\t\t<div class=\"elementor-divider\">\n\t\t\t<span class=\"elementor-divider-separator\">\n\t\t\t\t\t\t<\/span>\n\t\t<\/div>\n\t\t\t\t\t\t<\/div>\n\t\t\t\t<\/div>\n\t\t\t\t<div class=\"elementor-element elementor-element-435864b elementor-widget elementor-widget-heading\" data-id=\"435864b\" data-element_type=\"widget\" data-widget_type=\"heading.default\">\n\t\t\t\t<div class=\"elementor-widget-container\">\n\t\t\t\t\t<h6 class=\"elementor-heading-title elementor-size-default\">Eventos Relacionados<\/h6>\t\t\t\t<\/div>\n\t\t\t\t<\/div>\n\t\t\t\t\t<\/div>\n\t\t\t\t<\/div>\n\t\t<div class=\"elementor-element elementor-element-a019ba0 e-flex e-con-boxed wpr-particle-no wpr-jarallax-no wpr-parallax-no wpr-sticky-section-no e-con e-parent\" data-id=\"a019ba0\" data-element_type=\"container\" data-settings=\"{&quot;background_background&quot;:&quot;classic&quot;}\">\n\t\t\t\t\t<div class=\"e-con-inner\">\n\t\t<div class=\"elementor-element elementor-element-de322cf e-con-full e-flex wpr-particle-no wpr-jarallax-no wpr-parallax-no wpr-sticky-section-no e-con e-child\" data-id=\"de322cf\" data-element_type=\"container\">\n\t\t\t\t<div class=\"elementor-element elementor-element-42eb5b1 elementor-cta--skin-classic elementor-animated-content elementor-bg-transform elementor-bg-transform-zoom-in elementor-widget elementor-widget-call-to-action\" data-id=\"42eb5b1\" data-element_type=\"widget\" data-widget_type=\"call-to-action.default\">\n\t\t\t\t<div class=\"elementor-widget-container\">\n\t\t\t\t\t\t\t<div class=\"elementor-cta\">\n\t\t\t\t\t<div class=\"elementor-cta__bg-wrapper\">\n\t\t\t\t<div class=\"elementor-cta__bg elementor-bg\" style=\"background-image: url(https:\/\/amchambolivia.com\/amcham\/wp-content\/uploads\/2025\/05\/31-1024x684.png);\" role=\"img\" aria-label=\"31\"><\/div>\n\t\t\t\t<div class=\"elementor-cta__bg-overlay\"><\/div>\n\t\t\t<\/div>\n\t\t\t\t\t\t\t<div class=\"elementor-cta__content\">\n\t\t\t\t\n\t\t\t\t\t\t\t\t\t<h2 class=\"elementor-cta__title elementor-cta__content-item elementor-content-item\">\n\t\t\t\t\t\tC\u00f3ctel 50 Aniversario - La Paz\t\t\t\t\t<\/h2>\n\t\t\t\t\n\t\t\t\t\t\t\t\t\t<div class=\"elementor-cta__description elementor-cta__content-item elementor-content-item\">\n\t\t\t\t\t\tUn c\u00f3ctel que reuni\u00f3 a l\u00edderes, socios y amigos para conmemorar medio siglo de conexiones, crecimiento y visi\u00f3n compartida hacia el futuro.\t\t\t\t\t<\/div>\n\t\t\t\t\n\t\t\t\t\t\t\t\t\t<div class=\"elementor-cta__button-wrapper elementor-cta__content-item elementor-content-item \">\n\t\t\t\t\t<a class=\"elementor-cta__button elementor-button elementor-size-\" href=\"https:\/\/amchambolivia.com\/amcham\/eventos\/coctel-50-aniversario-amcham-bolivia\/\">\n\t\t\t\t\t\tM\u00e1s Informaci\u00f3n\t\t\t\t\t<\/a>\n\t\t\t\t\t<\/div>\n\t\t\t\t\t\t\t<\/div>\n\t\t\t\t\t\t<\/div>\n\t\t\t\t\t\t<\/div>\n\t\t\t\t<\/div>\n\t\t\t\t<\/div>\n\t\t<div class=\"elementor-element elementor-element-255a48a e-con-full e-flex wpr-particle-no wpr-jarallax-no wpr-parallax-no wpr-sticky-section-no e-con e-child\" data-id=\"255a48a\" data-element_type=\"container\" data-settings=\"{&quot;background_background&quot;:&quot;classic&quot;}\">\n\t\t\t\t<div class=\"elementor-element elementor-element-2f357d6 elementor-cta--skin-classic elementor-animated-content elementor-bg-transform elementor-bg-transform-zoom-in elementor-widget elementor-widget-call-to-action\" data-id=\"2f357d6\" data-element_type=\"widget\" data-widget_type=\"call-to-action.default\">\n\t\t\t\t<div class=\"elementor-widget-container\">\n\t\t\t\t\t\t\t<div class=\"elementor-cta\">\n\t\t\t\t\t<div class=\"elementor-cta__bg-wrapper\">\n\t\t\t\t<div class=\"elementor-cta__bg elementor-bg\" style=\"background-image: url(https:\/\/amchambolivia.com\/amcham\/wp-content\/uploads\/2025\/10\/foto1-convertido-de-png-1024x684.webp);\" role=\"img\" aria-label=\"foto1-convertido-de-png\"><\/div>\n\t\t\t\t<div class=\"elementor-cta__bg-overlay\"><\/div>\n\t\t\t<\/div>\n\t\t\t\t\t\t\t<div class=\"elementor-cta__content\">\n\t\t\t\t\n\t\t\t\t\t\t\t\t\t<h2 class=\"elementor-cta__title elementor-cta__content-item elementor-content-item\">\n\t\t\t\t\t\tC\u00f3ctel 50 Aniversario - Santa Cruz\t\t\t\t\t<\/h2>\n\t\t\t\t\n\t\t\t\t\t\t\t\t\t<div class=\"elementor-cta__description elementor-cta__content-item elementor-content-item\">\n\t\t\t\t\t\tUn c\u00f3ctel que re\u00fane historia, liderazgo y nuevas oportunidades de conexi\u00f3n. Descubre los detalles del evento y s\u00e9 parte de esta celebraci\u00f3n inolvidable.\t\t\t\t\t<\/div>\n\t\t\t\t\n\t\t\t\t\t\t\t\t\t<div class=\"elementor-cta__button-wrapper elementor-cta__content-item elementor-content-item \">\n\t\t\t\t\t<a class=\"elementor-cta__button elementor-button elementor-size-\" href=\"https:\/\/amchambolivia.com\/amcham\/eventos\/coctel-50-aniversario-amcham-bolivia-2\/\">\n\t\t\t\t\t\tM\u00e1s Informaci\u00f3n\t\t\t\t\t<\/a>\n\t\t\t\t\t<\/div>\n\t\t\t\t\t\t\t<\/div>\n\t\t\t\t\t\t<\/div>\n\t\t\t\t\t\t<\/div>\n\t\t\t\t<\/div>\n\t\t\t\t<\/div>\n\t\t\t\t\t<\/div>\n\t\t\t\t<\/div>\n\t\t\t\t<\/div>\n\t\t","protected":false},"excerpt":{"rendered":"<p>AmCham Bolivia, 50 a\u00f1os impulsando y promoviendo las relaciones comerciales con los Estados Unidos Durante cinco d\u00e9cadas, la C\u00e1mara Americana de Comercio de Bolivia (AmCham Bolivia) ha sido una fuerza clave en el fortalecimiento de las relaciones comerciales entre Bolivia y los Estados Unidos. Su historia comenz\u00f3 el 8 de mayo de 1975, cuando un grupo de empresarios visionarios se reuni\u00f3 en el ic\u00f3nico Hotel Sucre de La Paz, compartiendo un sue\u00f1o com\u00fan: establecer una instituci\u00f3n que promoviera el comercio y la cooperaci\u00f3n entre ambas naciones. Tras un fruct\u00edfero intercambio de ideas, la decisi\u00f3n fue un\u00e1nime: dar vida a \u201cThe American Chamber of Commerce of Bolivia.&#8221; Desde sus inicios, AmCham Bolivia se constituy\u00f3 como una entidad sin fines de lucro, apol\u00edtica y no religiosa, con oficinas en la Avenida Arce No. 2071. Su primer Directorio, compuesto por figuras clave del sector empresarial \u2014entre ellos Bank of America, COBEE, IBM, Citibank y otros\u2014 sent\u00f3 las bases de lo que se convertir\u00eda en una instituci\u00f3n referente del comercio bilateral. Entre sus miembros fundadores se encontraban Scott Besmehn, Robin Saunders, Edward Derkensen, Fernando Aguirre, Thomas Ritter, James Raaf, Roy Jamison, Carlos Mier y Emilio Badani. Posteriormente, el 4 de octubre de 1979, mediante Resoluci\u00f3n Suprema No. 191646, AmCham Bolivia obtuvo su personer\u00eda jur\u00eddica, abri\u00e9ndose a la sociedad con una variedad de actividades en el \u00e1mbito empresarial. A lo largo de su historia, la C\u00e1mara ha evolucionado hasta convertirse en un actor activo del comercio internacional, siendo parte de la Asociaci\u00f3n de C\u00e1maras Americanas de Comercio en Am\u00e9rica Latina y el Caribe (AACCLA). AmCham Bolivia forma parte de esta red de 23 c\u00e1maras en 21 pa\u00edses, que representa el 85% de las inversiones estadounidenses en la regi\u00f3n. Su conexi\u00f3n con la U.S. Chamber of Commerce la vincula con la federaci\u00f3n empresarial m\u00e1s grande del mundo, con m\u00e1s de tres millones de miembros. Desde su incorporaci\u00f3n a AACCLA, AmCham Bolivia ha participado en reuniones anuales y encuentros estrat\u00e9gicos, fortaleciendo los intercambios comerciales y empresariales en la regi\u00f3n. En estos espacios, la C\u00e1mara ha representado los intereses de sus socios, presentando la situaci\u00f3n econ\u00f3mica y comercial de Bolivia, promoviendo oportunidades de inversi\u00f3n y abogando por condiciones m\u00e1s favorables para el comercio bilateral. Asimismo, AmCham Bolivia ha sido parte activa de las reuniones del directorio de AACCLA, donde se definen estrategias para fortalecer las relaciones comerciales entre Am\u00e9rica Latina y los Estados Unidos. Estas reuniones han permitido a la C\u00e1mara acceder a informaci\u00f3n clave sobre pol\u00edticas comerciales, tendencias econ\u00f3micas y oportunidades de crecimiento en diversos sectores. En una de estas reuniones, realizada en Costa Rica en 1978, el entonces presidente de AmCham Bolivia, Dr. Fernando Aguirre B., se uni\u00f3 a otros l\u00edderes de c\u00e1maras latinoamericanas en la emisi\u00f3n de una declaraci\u00f3n en apoyo a la administraci\u00f3n del presidente Carter sobre el Tratado del Canal de Panam\u00e1, que devolvi\u00f3 el canal a Panam\u00e1. Por ello, recibieron un reconocimiento del presidente Carter a trav\u00e9s de su secretario de Estado, Cyrus Vance. La C\u00e1mara tambi\u00e9n ha participado activamente en foros donde ha tenido la oportunidad de interactuar con autoridades gubernamentales, inversionistas y altos ejecutivos de diversas industrias. A lo largo de los a\u00f1os, AmCham Bolivia se ha destacado por organizar conferencias sobre temas pol\u00edticos y econ\u00f3micos clave para el sector privado, con la participaci\u00f3n de representantes gubernamentales y l\u00edderes del sector empresarial. Su presencia tambi\u00e9n ha sido notable en ferias internacionales de negocios, realizadas anualmente en Santa Cruz y Cochabamba, junto a la secci\u00f3n comercial de la Embajada de Estados Unidos. Una historia de impacto La historia de AmCham Bolivia est\u00e1 marcada por numerosos hitos que han reforzado su impacto en el desarrollo empresarial, impulsando iniciativas como misiones comerciales, ruedas de negocios, eventos de networking y programas de capacitaci\u00f3n especializada, fortaleciendo la relaci\u00f3n entre empresarios bolivianos y estadounidenses. Adem\u00e1s, en 2025, Bolivia y Estados Unidos celebrar\u00e1n 175 a\u00f1os de relaciones diplom\u00e1ticas, reafirmando los lazos que los unen a pesar de los desaf\u00edos actuales. Entre los logros m\u00e1s importantes de la C\u00e1mara se encuentra la creaci\u00f3n de comit\u00e9s especializados, que han funcionado como catalizadores de cambio e innovaci\u00f3n. Entre ellos se destacan: Comit\u00e9 de RSE y Sostenibilidad Comit\u00e9 Pecuario y Agr\u00edcola Comit\u00e9 de Asuntos Legales Comit\u00e9 de Exportaci\u00f3n e Importaci\u00f3n Comit\u00e9 de Tecnolog\u00eda (a lanzarse el 2026) El Programa AmCham Junior es otro pilar fundamental de la C\u00e1mara, consolid\u00e1ndose como la primera red estrat\u00e9gica de promoci\u00f3n empresarial para emprendedores y profesionales destacados. Desde su lanzamiento en 2017, y con el apoyo de la Embajada de Estados Unidos en Bolivia, ha fomentado el crecimiento de startups y empresas con visi\u00f3n global a trav\u00e9s de capacitaciones, misiones comerciales, eventos de networking, asesor\u00eda empresarial y otras iniciativas clave para el ecosistema emprendedor de Bolivia. Liderazgo femenino y crecimiento En estos 50 a\u00f1os, AmCham Bolivia ha sido liderada por personas comprometidas. En 1982, Kathryn Brault, del Banco Hipotecario Nacional S.A., hizo historia al convertirse en la primera mujer presidenta de la C\u00e1mara. Si bien la participaci\u00f3n femenina fue menor en los a\u00f1os siguientes, desde 2014 se ha observado un incremento sostenido. Para 2025, las mujeres representar\u00e1n el 30% del Directorio, con figuras destacadas de los sectores bancario, de salud y legal. Adem\u00e1s, el 90% del equipo administrativo de AmCham Bolivia est\u00e1 compuesto por mujeres, lo que demuestra su compromiso institucional con la inclusi\u00f3n y el liderazgo femenino en el mundo empresarial. AmCham Bolivia hoy Actualmente, AmCham Bolivia cuenta con 155 empresas socias de sectores clave y una comunidad en crecimiento de 200 miembros junior, compuesta por j\u00f3venes profesionales y emprendedores con esp\u00edritu innovador. Su misi\u00f3n sigue firme: fomentar el entendimiento y la cooperaci\u00f3n entre Bolivia y los Estados Unidos, promoviendo la inversi\u00f3n, el comercio y el crecimiento econ\u00f3mico. Adem\u00e1s, act\u00faa como un puente estrat\u00e9gico entre el sector privado, las instituciones p\u00fablicas y las organizaciones financieras, impulsando iniciativas que beneficien a ambas naciones. Lo que comenz\u00f3 como una visi\u00f3n compartida por un grupo de empresarios, se ha convertido en una instituci\u00f3n s\u00f3lida e influyente en el comercio bilateral, reafirmando su compromiso con: \u201cSer reconocidos como<\/p>\n","protected":false},"author":1,"featured_media":0,"parent":0,"menu_order":0,"comment_status":"closed","ping_status":"closed","template":"","meta":{"nf_dc_page":"","footnotes":""},"class_list":["post-10556","page","type-page","status-publish","hentry"],"_links":{"self":[{"href":"https:\/\/amchambolivia.com\/amcham\/wp-json\/wp\/v2\/pages\/10556","targetHints":{"allow":["GET"]}}],"collection":[{"href":"https:\/\/amchambolivia.com\/amcham\/wp-json\/wp\/v2\/pages"}],"about":[{"href":"https:\/\/amchambolivia.com\/amcham\/wp-json\/wp\/v2\/types\/page"}],"author":[{"embeddable":true,"href":"https:\/\/amchambolivia.com\/amcham\/wp-json\/wp\/v2\/users\/1"}],"replies":[{"embeddable":true,"href":"https:\/\/amchambolivia.com\/amcham\/wp-json\/wp\/v2\/comments?post=10556"}],"version-history":[{"count":5,"href":"https:\/\/amchambolivia.com\/amcham\/wp-json\/wp\/v2\/pages\/10556\/revisions"}],"predecessor-version":[{"id":15058,"href":"https:\/\/amchambolivia.com\/amcham\/wp-json\/wp\/v2\/pages\/10556\/revisions\/15058"}],"wp:attachment":[{"href":"https:\/\/amchambolivia.com\/amcham\/wp-json\/wp\/v2\/media?parent=10556"}],"curies":[{"name":"wp","href":"https:\/\/api.w.org\/{rel}","templated":true}]}}